{"id":138,"date":"2021-01-13T15:12:25","date_gmt":"2021-01-13T14:12:25","guid":{"rendered":"http:\/\/annepascale-viry.com\/?page_id=138"},"modified":"2021-01-13T16:00:22","modified_gmt":"2021-01-13T15:00:22","slug":"qui-suis-je","status":"publish","type":"page","link":"https:\/\/annepascale-viry.com\/index.php\/qui-suis-je\/","title":{"rendered":"Qui suis-je ?"},"content":{"rendered":"\n<p>Je suis une passionn\u00e9e de l&#8217;humain au sein des organisations et j&#8217;ai toujours \u00e9t\u00e9 persuad\u00e9e que la dynamique d&#8217;\u00e9quipe est une cl\u00e9s majeure de la performance et du succ\u00e8s de cette \u00e9quipe.<\/p>\n\n\n\n<figure class=\"wp-block-image size-large\"><img loading=\"lazy\" width=\"824\" height=\"1024\" src=\"http:\/\/annepascale-viry.com\/wp-content\/uploads\/2021\/01\/20180613_163637-824x1024.jpg\" alt=\"\" class=\"wp-image-132\" srcset=\"https:\/\/annepascale-viry.com\/wp-content\/uploads\/2021\/01\/20180613_163637-824x1024.jpg 824w, https:\/\/annepascale-viry.com\/wp-content\/uploads\/2021\/01\/20180613_163637-241x300.jpg 241w, https:\/\/annepascale-viry.com\/wp-content\/uploads\/2021\/01\/20180613_163637-768x955.jpg 768w, https:\/\/annepascale-viry.com\/wp-content\/uploads\/2021\/01\/20180613_163637-1236x1536.jpg 1236w, https:\/\/annepascale-viry.com\/wp-content\/uploads\/2021\/01\/20180613_163637-1647x2048.jpg 1647w\" sizes=\"(max-width: 767px) 89vw, (max-width: 1000px) 54vw, (max-width: 1071px) 543px, 580px\" \/><figcaption><strong>Anne-Pascale Viry<\/strong><\/figcaption><\/figure>\n\n\n\n<p>J&#8217;ai exerc\u00e9 pendant plus de 22 ans dans le management de projets et d&#8217;\u00e9quipes, dans des environnements complexes et mouvants<\/p>\n\n\n\n<p>Cette exp\u00e9rience m&#8217;a permis de d\u00e9velopper une forte capacit\u00e9 \u00e0 exercer un leadership \u00e9clair\u00e9 sur un groupe de personnes pour<br>&#8211; transformer le groupe en une \u00e9quipe soud\u00e9e et motiv\u00e9e<br>&#8211; faire grandir l&#8217;\u00e9quipe et le potentiel de chacun<br>&#8211; atteindre le succ\u00e8s tous ensemble<\/p>\n\n\n\n<p>Je mets d\u00e9sormais mon savoir-faire au service des organisations, \u00e9quipes ou managers qui souhaitent des \u00e9quipes motiv\u00e9es, soud\u00e9es, cr\u00e9atives et performantes.<\/p>\n\n\n\n<p>En 2018 j&#8217;ai co-fond\u00e9 HAPPYTIM. Nous accompagnons les entreprises dans leur transformation culturelle, manag\u00e9riale et organisationnelle pour acc\u00e9l\u00e9rer leur performance d&#8217;\u00e9quipe.&nbsp;<\/p>\n\n\n\n<div class=\"wp-block-image\"><figure class=\"aligncenter size-large is-resized\"><img loading=\"lazy\" src=\"http:\/\/annepascale-viry.com\/wp-content\/uploads\/2021\/01\/happytim-vectorise-1024x555.jpg\" alt=\"\" class=\"wp-image-111\" width=\"421\" height=\"228\" srcset=\"https:\/\/annepascale-viry.com\/wp-content\/uploads\/2021\/01\/happytim-vectorise-1024x555.jpg 1024w, https:\/\/annepascale-viry.com\/wp-content\/uploads\/2021\/01\/happytim-vectorise-300x163.jpg 300w, https:\/\/annepascale-viry.com\/wp-content\/uploads\/2021\/01\/happytim-vectorise-768x416.jpg 768w, https:\/\/annepascale-viry.com\/wp-content\/uploads\/2021\/01\/happytim-vectorise-1536x832.jpg 1536w, https:\/\/annepascale-viry.com\/wp-content\/uploads\/2021\/01\/happytim-vectorise-2048x1109.jpg 2048w\" sizes=\"(max-width: 421px) 100vw, 421px\" \/><figcaption><a href=\"https:\/\/www.happytim.com\/\">Performance d&#8217;\u00e9quipe &amp; conduite du changement | France | Happytim<\/a><\/figcaption><\/figure><\/div>\n\n\n\n<p><\/p>\n","protected":false},"excerpt":{"rendered":"<p>Je suis une passionn\u00e9e de l&#8217;humain au sein des organisations et j&#8217;ai toujours \u00e9t\u00e9 persuad\u00e9e que la dynamique d&#8217;\u00e9quipe est une cl\u00e9s majeure de la performance et du succ\u00e8s de cette \u00e9quipe. J&#8217;ai exerc\u00e9 pendant plus de 22 ans dans le management de projets et d&#8217;\u00e9quipes, dans des environnements complexes et mouvants Cette exp\u00e9rience m&#8217;a &hellip; <\/p>\n<p class=\"link-more\"><a href=\"https:\/\/annepascale-viry.com\/index.php\/qui-suis-je\/\" class=\"more-link\">Continue reading<span class=\"screen-reader-text\"> &#8220;Qui suis-je ?&#8221;<\/span><\/a><\/p>\n","protected":false},"author":1,"featured_media":0,"parent":0,"menu_order":0,"comment_status":"closed","ping_status":"closed","template":"","meta":[],"_links":{"self":[{"href":"https:\/\/annepascale-viry.com\/index.php\/wp-json\/wp\/v2\/pages\/138"}],"collection":[{"href":"https:\/\/annepascale-viry.com\/index.php\/wp-json\/wp\/v2\/pages"}],"about":[{"href":"https:\/\/annepascale-viry.com\/index.php\/wp-json\/wp\/v2\/types\/page"}],"author":[{"embeddable":true,"href":"https:\/\/annepascale-viry.com\/index.php\/wp-json\/wp\/v2\/users\/1"}],"replies":[{"embeddable":true,"href":"https:\/\/annepascale-viry.com\/index.php\/wp-json\/wp\/v2\/comments?post=138"}],"version-history":[{"count":5,"href":"https:\/\/annepascale-viry.com\/index.php\/wp-json\/wp\/v2\/pages\/138\/revisions"}],"predecessor-version":[{"id":154,"href":"https:\/\/annepascale-viry.com\/index.php\/wp-json\/wp\/v2\/pages\/138\/revisions\/154"}],"wp:attachment":[{"href":"https:\/\/annepascale-viry.com\/index.php\/wp-json\/wp\/v2\/media?parent=138"}],"curies":[{"name":"wp","href":"https:\/\/api.w.org\/{rel}","templated":true}]}}